{"id":661,"date":"2026-08-11T09:39:28","date_gmt":"2026-08-11T09:39:28","guid":{"rendered":"https:\/\/mariajenell.com\/privacy-policy\/"},"modified":"2026-08-17T10:08:19","modified_gmt":"2026-08-17T10:08:19","slug":"politica-de-privacidad","status":"publish","type":"page","link":"https:\/\/mariajenell.com\/es\/politica-de-privacidad\/","title":{"rendered":"Pol\u00edtica de privacidad"},"content":{"rendered":"\t\t<div data-elementor-type=\"wp-page\" data-elementor-id=\"661\" class=\"elementor elementor-661 elementor-95\" data-elementor-post-type=\"page\">\n\t\t\t\t<div class=\"elementor-element elementor-element-c511fc1 e-flex e-con-boxed e-con e-parent\" data-id=\"c511fc1\" data-element_type=\"container\" data-e-type=\"container\">\n\t\t\t\t\t<div class=\"e-con-inner\">\n\t\t<div class=\"elementor-element elementor-element-06dd230 e-con-full e-flex e-con e-child\" data-id=\"06dd230\" data-element_type=\"container\" data-e-type=\"container\">\n\t\t\t\t<div class=\"elementor-element elementor-element-2fb0263 elementor-widget elementor-widget-heading\" data-id=\"2fb0263\" data-element_type=\"widget\" data-e-type=\"widget\" data-widget_type=\"heading.default\">\n\t\t\t\t\t<h1 class=\"elementor-heading-title elementor-size-default\">Pol\u00edtica de privacidad<\/h1>\t\t\t\t<\/div>\n\t\t\t\t<div class=\"elementor-element elementor-element-a4c80a8 elementor-widget__width-initial elementor-widget elementor-widget-text-editor\" data-id=\"a4c80a8\" data-element_type=\"widget\" data-e-type=\"widget\" data-widget_type=\"text-editor.default\">\n\t\t\t\t\t\t\t\t\t<p>En cumplimiento del art\u00edculo 10 de la Ley 34\/2002, de Servicios de la Sociedad de la Informaci\u00f3n y de Comercio Electr\u00f3nico, informamos a los usuarios de nuestros datos:<\/p>\t\t\t\t\t\t\t\t<\/div>\n\t\t\t\t<div class=\"elementor-element elementor-element-5acc243 elementor-widget elementor-widget-text-editor\" data-id=\"5acc243\" data-element_type=\"widget\" data-e-type=\"widget\" data-widget_type=\"text-editor.default\">\n\t\t\t\t\t\t\t\t\t<p><strong>1. Datos del Responsable del Tratamiento<\/strong><\/p><p><strong>Nombre de la empresa<\/strong>: Maria Jenell.<br \/><strong>Nombre comercial<\/strong>: Maria Jenell Nicholas.<br \/><strong>Domicilio social<\/strong>: Calle Mar 14, 3B, M\u00e1laga 29017.<br \/><strong>NIF<\/strong>: Y2771131J.<br \/><strong>Correo electr\u00f3nico<\/strong>: mariajenell@gmail.com.<\/p><p><strong>1.1. Normativa aplicable<\/strong><\/p><p>Nuestra Pol\u00edtica de Privacidad se ha dise\u00f1ado de acuerdo con el Reglamento General de Protecci\u00f3n de Datos de la UE 2016\/679 del Parlamento Europeo y del Consejo, de 27 de abril de 2016, relativo a la protecci\u00f3n de las personas f\u00edsicas en lo que se refiere al tratamiento de datos personales ya la libre circulaci\u00f3n de estos datos y en lo que se deroga 3\/2018 de 5 de diciembre, de Protecci\u00f3n de Datos de Car\u00e1cter Personal y Garant\u00eda de Derechos Digitales.<\/p><p>Al facilitarnos sus datos, declara haber le\u00eddo y conocer la presente Pol\u00edtica de Privacidad, prestando su consentimiento inequ\u00edvoco y expreso al tratamiento de sus datos personales de acuerdo con los fines y t\u00e9rminos aqu\u00ed expresados.<\/p><p>La Empresa podr\u00e1 modificar esta Pol\u00edtica de Privacidad para adaptarla a las novedades legislativas, jurisprudenciales o de interpretaci\u00f3n de la Agencia Espa\u00f1ola de Protecci\u00f3n de Datos.<\/p><p>Estas condiciones de privacidad pueden ser complementadas por el Aviso Legal, Pol\u00edtica de Cookies y las Condiciones Generales que, en su caso, se recojan para determinados productos o servicios, si dicho acceso supone alguna especialidad en materia de protecci\u00f3n de datos de car\u00e1cter personal.<\/p><p><strong>2. Finalidad del Tratamiento de los Datos Personales<\/strong><\/p><p>El tratamiento que realizamos de sus datos personales responde a las siguientes finalidades:<br \/>Lista todos los prop\u00f3sitos para los que se recogen datos. Por ejemplo: gesti\u00f3n de la comunicaci\u00f3n, env\u00edo de newsletter, etc.<\/p><p><strong>2.1. Plazo de Conservaci\u00f3n de sus datos<\/strong><\/p><p>Conservaremos sus datos personales desde que nos d\u00e9 su consentimiento hasta que lo revoque o solicite la limitaci\u00f3n del tratamiento. En estos casos, mantendremos sus datos de forma bloqueada durante los plazos legalmente exigidos.<\/p><p><strong>3. Legitimaci\u00f3n y Datos Recaudados<\/strong><\/p><p>La legitimaci\u00f3n para el tratamiento de sus datos es el consentimiento expreso otorgado mediante un acto positivo y afirmativo (rellenar el formulario correspondiente y marcar la casilla de aceptaci\u00f3n de esta pol\u00edtica) en el momento de facilitarnos sus datos personales.<\/p><p><strong>3.1. Consentimiento para tratar sus datos<\/strong><\/p><p>Al rellenar los formularios, marcar la casilla \u201cAcepto la Pol\u00edtica de Privacidad\u201d y hacer clic para enviar los datos, o al remitir correos electr\u00f3nicos a la Empresa a trav\u00e9s de las cuentas habilitadas al efecto, el Usuario manifiesta haber le\u00eddo y aceptado expresamente esta pol\u00edtica de privacidad, otorgando su consentimiento inequ\u00edvoco.<\/p><p><strong>4. Medidas de Seguridad<\/strong><\/p><p>Dentro de nuestro compromiso por garantizar la seguridad y confidencialidad de sus datos de car\u00e1cter personal, le informamos que se han adoptado las medidas de \u00edndole t\u00e9cnica y organizativas necesarias para garantizar la seguridad de los datos de car\u00e1cter personal y evitar su alteraci\u00f3n, p\u00e9rdida, tratamiento o acceso no autorizado, teniendo en cuenta el estado de la tecnolog\u00eda, la naturaleza de los datos almacenados y los riesgos almacenados. 32 del RGPD EU 679\/2016.<\/p><p><strong>5. Cesi\u00f3n de Datos<\/strong><\/p><p>No se prev\u00e9n cesiones de datos ni transferencias internacionales de sus datos, con excepci\u00f3n de las autorizadas por la legislaci\u00f3n fiscal, mercantil y de telecomunicaciones, as\u00ed como en aquellos casos en que una autoridad judicial nos lo requiera.<\/p><p><strong>6. Derechos del Usuario<\/strong><\/p><p>Cualquier interesado tiene derecho a obtener confirmaci\u00f3n sobre si estamos tratando datos personales que le conciernen, o no. Las personas interesadas tienen derecho a acceder a sus datos personales, as\u00ed como a solicitar la rectificaci\u00f3n de los datos inexactos o, en su caso, solicitar su supresi\u00f3n cuando, entre otros motivos, los datos ya no sean necesarios para los fines recogidos.<\/p><p>En determinadas circunstancias, los interesados \u200b\u200bpodr\u00e1n solicitar la limitaci\u00f3n del tratamiento de sus datos, en cuyo caso \u00fanicamente los conservaremos para el ejercicio o defensa de reclamaciones. Por motivos relacionados con su situaci\u00f3n particular, los interesados \u200b\u200bpodr\u00e1n oponerse al tratamiento de sus datos.<\/p><p>El Responsable del archivo dejar\u00e1 de tratar los datos, salvo motivos leg\u00edtimos imperiosos, o el ejercicio o defensa de posibles reclamaciones. De acuerdo con la legislaci\u00f3n vigente tiene los siguientes derechos:<\/p><ul><li>Derecho a solicitar el acceso a sus datos personales.<\/li><li>Derecho a solicitar su rectificaci\u00f3n o supresi\u00f3n.<\/li><li>Derecho a solicitar la limitaci\u00f3n del tratamiento.<\/li><li>Derecho a oponerse al tratamiento.<\/li><li>Derecho a la portabilidad de los datos y, asimismo, a revocar el consentimiento otorgado.<\/li><\/ul><p>Asimismo, tendr\u00e1 derecho a presentar una reclamaci\u00f3n ante la Agencia Espa\u00f1ola de Protecci\u00f3n de Datos.Dret a sol\u00b7licitar-ne la rectificaci\u00f3 o supressi\u00f3.<\/p><p><strong>6.1. \u00bfC\u00f3mo ejercitar mis derechos?<\/strong><\/p><p>Para ejercer sus derechos, debe dirigirse al responsable, solicitando el correspondiente formulario para el ejercicio del derecho escogido. Opcionalmente, puede acudir a la Autoridad de Control competente para obtener informaci\u00f3n adicional sobre sus derechos. Los datos de contacto para el ejercicio de sus derechos son el tel\u00e9fono y el correo electr\u00f3nico de la empresa. Recuerde acompa\u00f1ar una copia de un documento que nos permita identificarse.<\/p><p><strong>7. Consentimiento para env\u00edo de Comunicaciones Electr\u00f3nicas<\/strong><\/p><p>Asimismo, y de acuerdo con lo establecido en la Ley 34\/2002, de 11 de julio, de Servicios de la Sociedad de la Informaci\u00f3n y del Comercio Electr\u00f3nico, completando el formulario de recogida de datos y marcando\u00a0<\/p>\t\t\t\t\t\t\t\t<\/div>\n\t\t\t\t<\/div>\n\t\t<div class=\"elementor-element elementor-element-754c438 e-con-full e-flex e-con e-child\" data-id=\"754c438\" data-element_type=\"container\" data-e-type=\"container\">\n\t\t\t\t<\/div>\n\t\t\t\t\t<\/div>\n\t\t\t\t<\/div>\n\t\t\t\t<\/div>\n\t\t","protected":false},"excerpt":{"rendered":"<p>En cumplimiento del art\u00edculo 10 de la Ley 34\/2002, de Servicios de la Sociedad de la Informaci\u00f3n y de Comercio Electr\u00f3nico, informamos a los usuarios de nuestros datos: 1. Datos del Responsable del Tratamiento Nombre de la empresa: Maria Jenell.Nombre comercial: Maria Jenell Nicholas.Domicilio social: Calle Mar 14, 3B, M\u00e1laga 29017.NIF: Y2771131J.Correo electr\u00f3nico: mariajenell@gmail.com. 1.1. [&hellip;]<\/p>\n","protected":false},"author":2,"featured_media":0,"parent":0,"menu_order":0,"comment_status":"closed","ping_status":"closed","template":"","meta":{"footnotes":""},"class_list":["post-661","page","type-page","status-publish","hentry"],"yoast_head":"<!-- This site is optimized with the Yoast SEO plugin v28.3 - https:\/\/yoast.com\/product\/yoast-seo-wordpress\/ -->\n<title>Pol\u00edtica de privacidad - Maria Jenell<\/title>\n<meta name=\"robots\" content=\"index, follow, max-snippet:-1, max-image-preview:large, max-video-preview:-1\" \/>\n<link rel=\"canonical\" href=\"https:\/\/mariajenell.com\/es\/politica-de-privacidad\/\" \/>\n<meta property=\"og:locale\" content=\"es_ES\" \/>\n<meta property=\"og:type\" content=\"article\" \/>\n<meta property=\"og:title\" content=\"Pol\u00edtica de privacidad - Maria Jenell\" \/>\n<meta property=\"og:description\" content=\"En cumplimiento del art\u00edculo 10 de la Ley 34\/2002, de Servicios de la Sociedad de la Informaci\u00f3n y de Comercio Electr\u00f3nico, informamos a los usuarios de nuestros datos: 1. Datos del Responsable del Tratamiento Nombre de la empresa: Maria Jenell.Nombre comercial: Maria Jenell Nicholas.Domicilio social: Calle Mar 14, 3B, M\u00e1laga 29017.NIF: Y2771131J.Correo electr\u00f3nico: mariajenell@gmail.com. 1.1. [&hellip;]\" \/>\n<meta property=\"og:url\" content=\"https:\/\/mariajenell.com\/es\/politica-de-privacidad\/\" \/>\n<meta property=\"og:site_name\" content=\"Maria Jenell\" \/>\n<meta property=\"article:modified_time\" content=\"2026-08-17T10:08:19+00:00\" \/>\n<meta name=\"twitter:card\" content=\"summary_large_image\" \/>\n<meta name=\"twitter:label1\" content=\"Tiempo de lectura\" \/>\n\t<meta name=\"twitter:data1\" content=\"4 minutos\" \/>\n<script type=\"application\/ld+json\" class=\"yoast-schema-graph\">{\"@context\":\"https:\\\/\\\/schema.org\",\"@graph\":[{\"@type\":\"WebPage\",\"@id\":\"https:\\\/\\\/mariajenell.com\\\/es\\\/politica-de-privacidad\\\/\",\"url\":\"https:\\\/\\\/mariajenell.com\\\/es\\\/politica-de-privacidad\\\/\",\"name\":\"Pol\u00edtica de privacidad - Maria Jenell\",\"isPartOf\":{\"@id\":\"https:\\\/\\\/mariajenell.com\\\/#website\"},\"datePublished\":\"2026-08-11T09:39:28+00:00\",\"dateModified\":\"2026-08-17T10:08:19+00:00\",\"breadcrumb\":{\"@id\":\"https:\\\/\\\/mariajenell.com\\\/es\\\/politica-de-privacidad\\\/#breadcrumb\"},\"inLanguage\":\"es\",\"potentialAction\":[{\"@type\":\"ReadAction\",\"target\":[\"https:\\\/\\\/mariajenell.com\\\/es\\\/politica-de-privacidad\\\/\"]}]},{\"@type\":\"BreadcrumbList\",\"@id\":\"https:\\\/\\\/mariajenell.com\\\/es\\\/politica-de-privacidad\\\/#breadcrumb\",\"itemListElement\":[{\"@type\":\"ListItem\",\"position\":1,\"name\":\"Home\",\"item\":\"https:\\\/\\\/mariajenell.com\\\/es\\\/home-page\\\/\"},{\"@type\":\"ListItem\",\"position\":2,\"name\":\"Pol\u00edtica de privacidad\"}]},{\"@type\":\"WebSite\",\"@id\":\"https:\\\/\\\/mariajenell.com\\\/#website\",\"url\":\"https:\\\/\\\/mariajenell.com\\\/\",\"name\":\"Maria Jenell\",\"description\":\"\",\"publisher\":{\"@id\":\"https:\\\/\\\/mariajenell.com\\\/#organization\"},\"potentialAction\":[{\"@type\":\"SearchAction\",\"target\":{\"@type\":\"EntryPoint\",\"urlTemplate\":\"https:\\\/\\\/mariajenell.com\\\/?s={search_term_string}\"},\"query-input\":{\"@type\":\"PropertyValueSpecification\",\"valueRequired\":true,\"valueName\":\"search_term_string\"}}],\"inLanguage\":\"es\"},{\"@type\":\"Organization\",\"@id\":\"https:\\\/\\\/mariajenell.com\\\/#organization\",\"name\":\"Maria Jenell\",\"url\":\"https:\\\/\\\/mariajenell.com\\\/\",\"logo\":{\"@type\":\"ImageObject\",\"inLanguage\":\"es\",\"@id\":\"https:\\\/\\\/mariajenell.com\\\/#\\\/schema\\\/logo\\\/image\\\/\",\"url\":\"https:\\\/\\\/mariajenell.com\\\/wp-content\\\/uploads\\\/2026\\\/08\\\/Maria-Jenell-Favicon.svg\",\"contentUrl\":\"https:\\\/\\\/mariajenell.com\\\/wp-content\\\/uploads\\\/2026\\\/08\\\/Maria-Jenell-Favicon.svg\",\"width\":512,\"height\":512,\"caption\":\"Maria Jenell\"},\"image\":{\"@id\":\"https:\\\/\\\/mariajenell.com\\\/#\\\/schema\\\/logo\\\/image\\\/\"},\"sameAs\":[\"https:\\\/\\\/www.instagram.com\\\/mariajenellcoaching\\\/\"]}]}<\/script>\n<!-- \/ Yoast SEO plugin. -->","yoast_head_json":{"title":"Pol\u00edtica de privacidad - Maria Jenell","robots":{"index":"index","follow":"follow","max-snippet":"max-snippet:-1","max-image-preview":"max-image-preview:large","max-video-preview":"max-video-preview:-1"},"canonical":"https:\/\/mariajenell.com\/es\/politica-de-privacidad\/","og_locale":"es_ES","og_type":"article","og_title":"Pol\u00edtica de privacidad - Maria Jenell","og_description":"En cumplimiento del art\u00edculo 10 de la Ley 34\/2002, de Servicios de la Sociedad de la Informaci\u00f3n y de Comercio Electr\u00f3nico, informamos a los usuarios de nuestros datos: 1. Datos del Responsable del Tratamiento Nombre de la empresa: Maria Jenell.Nombre comercial: Maria Jenell Nicholas.Domicilio social: Calle Mar 14, 3B, M\u00e1laga 29017.NIF: Y2771131J.Correo electr\u00f3nico: mariajenell@gmail.com. 1.1. [&hellip;]","og_url":"https:\/\/mariajenell.com\/es\/politica-de-privacidad\/","og_site_name":"Maria Jenell","article_modified_time":"2026-08-17T10:08:19+00:00","twitter_card":"summary_large_image","twitter_misc":{"Tiempo de lectura":"4 minutos"},"schema":{"@context":"https:\/\/schema.org","@graph":[{"@type":"WebPage","@id":"https:\/\/mariajenell.com\/es\/politica-de-privacidad\/","url":"https:\/\/mariajenell.com\/es\/politica-de-privacidad\/","name":"Pol\u00edtica de privacidad - Maria Jenell","isPartOf":{"@id":"https:\/\/mariajenell.com\/#website"},"datePublished":"2026-08-11T09:39:28+00:00","dateModified":"2026-08-17T10:08:19+00:00","breadcrumb":{"@id":"https:\/\/mariajenell.com\/es\/politica-de-privacidad\/#breadcrumb"},"inLanguage":"es","potentialAction":[{"@type":"ReadAction","target":["https:\/\/mariajenell.com\/es\/politica-de-privacidad\/"]}]},{"@type":"BreadcrumbList","@id":"https:\/\/mariajenell.com\/es\/politica-de-privacidad\/#breadcrumb","itemListElement":[{"@type":"ListItem","position":1,"name":"Home","item":"https:\/\/mariajenell.com\/es\/home-page\/"},{"@type":"ListItem","position":2,"name":"Pol\u00edtica de privacidad"}]},{"@type":"WebSite","@id":"https:\/\/mariajenell.com\/#website","url":"https:\/\/mariajenell.com\/","name":"Maria Jenell","description":"","publisher":{"@id":"https:\/\/mariajenell.com\/#organization"},"potentialAction":[{"@type":"SearchAction","target":{"@type":"EntryPoint","urlTemplate":"https:\/\/mariajenell.com\/?s={search_term_string}"},"query-input":{"@type":"PropertyValueSpecification","valueRequired":true,"valueName":"search_term_string"}}],"inLanguage":"es"},{"@type":"Organization","@id":"https:\/\/mariajenell.com\/#organization","name":"Maria Jenell","url":"https:\/\/mariajenell.com\/","logo":{"@type":"ImageObject","inLanguage":"es","@id":"https:\/\/mariajenell.com\/#\/schema\/logo\/image\/","url":"https:\/\/mariajenell.com\/wp-content\/uploads\/2026\/08\/Maria-Jenell-Favicon.svg","contentUrl":"https:\/\/mariajenell.com\/wp-content\/uploads\/2026\/08\/Maria-Jenell-Favicon.svg","width":512,"height":512,"caption":"Maria Jenell"},"image":{"@id":"https:\/\/mariajenell.com\/#\/schema\/logo\/image\/"},"sameAs":["https:\/\/www.instagram.com\/mariajenellcoaching\/"]}]}},"_links":{"self":[{"href":"https:\/\/mariajenell.com\/es\/wp-json\/wp\/v2\/pages\/661","targetHints":{"allow":["GET"]}}],"collection":[{"href":"https:\/\/mariajenell.com\/es\/wp-json\/wp\/v2\/pages"}],"about":[{"href":"https:\/\/mariajenell.com\/es\/wp-json\/wp\/v2\/types\/page"}],"author":[{"embeddable":true,"href":"https:\/\/mariajenell.com\/es\/wp-json\/wp\/v2\/users\/2"}],"replies":[{"embeddable":true,"href":"https:\/\/mariajenell.com\/es\/wp-json\/wp\/v2\/comments?post=661"}],"version-history":[{"count":13,"href":"https:\/\/mariajenell.com\/es\/wp-json\/wp\/v2\/pages\/661\/revisions"}],"predecessor-version":[{"id":674,"href":"https:\/\/mariajenell.com\/es\/wp-json\/wp\/v2\/pages\/661\/revisions\/674"}],"wp:attachment":[{"href":"https:\/\/mariajenell.com\/es\/wp-json\/wp\/v2\/media?parent=661"}],"curies":[{"name":"wp","href":"https:\/\/api.w.org\/{rel}","templated":true}]}}